{"id":246,"date":"2024-03-19T13:14:17","date_gmt":"2024-03-19T12:14:17","guid":{"rendered":"https:\/\/lpsc-wordpress.in2p3.fr\/?page_id=246"},"modified":"2024-11-25T15:10:17","modified_gmt":"2024-11-25T14:10:17","slug":"le-laboratoire-en-film","status":"publish","type":"page","link":"https:\/\/lpsc-wordpress.in2p3.fr\/?page_id=246","title":{"rendered":"Le laboratoire en film"},"content":{"rendered":"\n\n\t\t\t\t<img loading=\"lazy\" decoding=\"async\" src=\"https:\/\/lpsc-wordpress.in2p3.fr\/wp-content\/uploads\/2024\/03\/film.png\" alt=\"film\" itemprop=\"image\" height=\"800\" width=\"1280\" title=\"film\" onerror=\"this.style.display='none'\"  \/>\n<h2>\n\t\tLe laboratoire en film\n\t<\/h2>\n\t<p><strong>1967-2017, <\/strong><strong>le Laboratoire de Physique Subatomique et de Cosmologie a f\u00eat\u00e9 ses 50 ans !<\/strong><\/p>\n<p>A l&rsquo;occasion de son anniversaire, le laboratoire a organis\u00e9 un apr\u00e8s-midi de c\u00e9l\u00e9bration, le 21 d\u00e9cembre 2017, en pr\u00e9sence de ses tutelles et collaborateurs, des repr\u00e9sentants des milieux acad\u00e9miques et de la recherche de la r\u00e9gion grenobloise, ainsi que des repr\u00e9sentants des collectivit\u00e9s territoriales.<\/p>\n<p>Retrouvez ci-dessous les films sur les axes scientifiques du laboratoire r\u00e9alis\u00e9s puis diffus\u00e9s lors de cet \u00e9v\u00e8nement ainsi que la rediffusion de la c\u00e9r\u00e9monie.<\/p>\n\t\t\t\t\t<a href=\"https:\/\/www.youtube.com\/watch?v=F4h7YCUycRo&#038;ab_channel=IN2P3LPSC\" aria-label=\"uabb-video-gallery\" data-fancybox=\"uabb-video-gallery\" data-url=\"https:\/\/www.youtube.com\/embed\/F4h7YCUycRo?autoplay=1&#038;version=3&#038;enablejsapi=1\"class=\"uabb-video-gallery-fancybox uabb-vg__play_full \">\t\t\t\t\t\t\n\t\t\t\t\t<\/a>\t\t\t\t\n\t\t\t\t\t<a href=\"https:\/\/www.youtube.com\/watch?v=DCIjgXyAPhg&#038;ab_channel=IN2P3LPSC\" aria-label=\"uabb-video-gallery\" data-fancybox=\"uabb-video-gallery\" data-url=\"https:\/\/www.youtube.com\/embed\/DCIjgXyAPhg?autoplay=1&#038;version=3&#038;enablejsapi=1\"class=\"uabb-video-gallery-fancybox uabb-vg__play_full \">\t\t\t\t\t\t\n\t\t\t\t\t<\/a>\t\t\t\t\n\t\t\t\t\t<a href=\"https:\/\/www.youtube.com\/watch?v=-ZZNh4vsAMA&#038;ab_channel=IN2P3LPSC\" aria-label=\"uabb-video-gallery\" data-fancybox=\"uabb-video-gallery\" data-url=\"https:\/\/www.youtube.com\/embed\/-ZZNh4vsAMA?autoplay=1&#038;version=3&#038;enablejsapi=1\"class=\"uabb-video-gallery-fancybox uabb-vg__play_full \">\t\t\t\t\t\t\n\t\t\t\t\t<\/a>\t\t\t\t\n\t\t\t\t\t<a href=\"https:\/\/www.youtube.com\/watch?v=NpMqb5Go7TM&#038;ab_channel=IN2P3LPSC\" aria-label=\"uabb-video-gallery\" data-fancybox=\"uabb-video-gallery\" data-url=\"https:\/\/www.youtube.com\/embed\/NpMqb5Go7TM?autoplay=1&#038;version=3&#038;enablejsapi=1\"class=\"uabb-video-gallery-fancybox uabb-vg__play_full \">\t\t\t\t\t\t\n\t\t\t\t\t<\/a>\t\t\t\t\n\t\t\t\t\t<a href=\"https:\/\/www.youtube.com\/watch?v=GHd8c4aPX3A&#038;ab_channel=IN2P3LPSC\" aria-label=\"uabb-video-gallery\" data-fancybox=\"uabb-video-gallery\" data-url=\"https:\/\/www.youtube.com\/embed\/GHd8c4aPX3A?autoplay=1&#038;version=3&#038;enablejsapi=1\"class=\"uabb-video-gallery-fancybox uabb-vg__play_full \">\t\t\t\t\t\t\n\t\t\t\t\t<\/a>\t\t\t\t\n\t\t\t\t\t<a href=\"https:\/\/www.youtube.com\/watch?v=cMcrE-gI2bQ&#038;ab_channel=IN2P3LPSC\" aria-label=\"uabb-video-gallery\" data-fancybox=\"uabb-video-gallery\" data-url=\"https:\/\/www.youtube.com\/embed\/cMcrE-gI2bQ?autoplay=1&#038;version=3&#038;enablejsapi=1\"class=\"uabb-video-gallery-fancybox uabb-vg__play_full \">\t\t\t\t\t\t\n\t\t\t\t\t<\/a>\t\t\t\t\n\n","protected":false},"excerpt":{"rendered":"<p>Le laboratoire en film 1967-2017, le Laboratoire de Physique Subatomique et de Cosmologie a f\u00eat\u00e9 ses 50 ans ! A l&rsquo;occasion de son anniversaire, le laboratoire a organis\u00e9 un apr\u00e8s-midi de c\u00e9l\u00e9bration, le 21 d\u00e9cembre 2017, en pr\u00e9sence de ses tutelles et collaborateurs, des repr\u00e9sentants des milieux acad\u00e9miques et de la recherche de la r\u00e9gion&hellip;<\/p>\n","protected":false},"author":2,"featured_media":0,"parent":0,"menu_order":0,"comment_status":"closed","ping_status":"closed","template":"","meta":{"footnotes":""},"class_list":["post-246","page","type-page","status-publish","hentry"],"_links":{"self":[{"href":"https:\/\/lpsc-wordpress.in2p3.fr\/index.php?rest_route=\/wp\/v2\/pages\/246","targetHints":{"allow":["GET"]}}],"collection":[{"href":"https:\/\/lpsc-wordpress.in2p3.fr\/index.php?rest_route=\/wp\/v2\/pages"}],"about":[{"href":"https:\/\/lpsc-wordpress.in2p3.fr\/index.php?rest_route=\/wp\/v2\/types\/page"}],"author":[{"embeddable":true,"href":"https:\/\/lpsc-wordpress.in2p3.fr\/index.php?rest_route=\/wp\/v2\/users\/2"}],"replies":[{"embeddable":true,"href":"https:\/\/lpsc-wordpress.in2p3.fr\/index.php?rest_route=%2Fwp%2Fv2%2Fcomments&post=246"}],"version-history":[{"count":5,"href":"https:\/\/lpsc-wordpress.in2p3.fr\/index.php?rest_route=\/wp\/v2\/pages\/246\/revisions"}],"predecessor-version":[{"id":2002,"href":"https:\/\/lpsc-wordpress.in2p3.fr\/index.php?rest_route=\/wp\/v2\/pages\/246\/revisions\/2002"}],"wp:attachment":[{"href":"https:\/\/lpsc-wordpress.in2p3.fr\/index.php?rest_route=%2Fwp%2Fv2%2Fmedia&parent=246"}],"curies":[{"name":"wp","href":"https:\/\/api.w.org\/{rel}","templated":true}]}}