{"id":1849,"date":"2024-11-19T13:50:19","date_gmt":"2024-11-19T12:50:19","guid":{"rendered":"https:\/\/lpsc-wordpress.in2p3.fr\/?page_id=1849"},"modified":"2025-03-06T11:08:37","modified_gmt":"2025-03-06T10:08:37","slug":"atlas-copy-15-copy-2-copy-3","status":"publish","type":"page","link":"https:\/\/lpsc-wordpress.in2p3.fr\/?page_id=1849","title":{"rendered":"Oufs d&rsquo;astro"},"content":{"rendered":"\n\n\t\t\t\t<img loading=\"lazy\" decoding=\"async\" src=\"https:\/\/lpsc-wordpress.in2p3.fr\/wp-content\/uploads\/2024\/11\/visuel-retravaille-rogne-bd.jpg\" alt=\"visuel-retravaille-rogne-bd\" itemprop=\"image\" height=\"357\" width=\"516\" title=\"visuel-retravaille-rogne-bd\" onerror=\"this.style.display='none'\"  \/>\n\t<em>\u00a9 CNRS<br \/>\n<\/em>\n<h2>\n\t\tLe LPSC au festival Oufs d&rsquo;Astro : Quand la science d\u00e9fie les \u00ab\u00a0aplatistes\u00a0\u00bb\n\t<\/h2>\n\t<em>15 novembre 2024<br \/>\n<\/em>\n\t<h4>Partenaire de longue date du plan\u00e9tarium de Vaulx-en-Velin, le Laboratoire de Physique Subatomique et de Cosmologie (LPSC) a une nouvelle fois marqu\u00e9 les esprits lors de la sixi\u00e8me \u00e9dition du festival Oufs d&rsquo;Astro, en avril 2019. Cette biennale du ciel et de l&rsquo;espace, qui rassemble passionn\u00e9s, curieux et experts, avait pour th\u00e8me \u00ab L&rsquo;univers des extr\u00eames \u00bb, offrant un cadre id\u00e9al pour une immersion scientifique aussi ludique que captivante.<\/h4>\n\t<p>Partager ce contenu<\/p>\n\t\t\t\t\t\t\t\t\t\t<a class= \"uabb-ss-grid-button-link\" href=\"https:\/\/www.linkedin.com\/shareArticle?url=https%3A%2F%2Flpsc-wordpress.in2p3.fr%2F%3Fpage_id%3D1849%26fl_builder\" target=\"_blank\" onclick=\"window.open(this.href,'social-share','left=20,top=20,width=500,height=500,toolbar=1,resizable=0');return false;\">\n\t\t\t\t\t\t\t\tLinkedin\n\t\t\t\t\t\t\t\t\t\t<\/a>\n\t<p>Cat\u00e9gories<\/p>\n\t<h3><img loading=\"lazy\" decoding=\"async\" src=\"https:\/\/lpsc-wordpress.in2p3.fr\/wp-content\/uploads\/2024\/11\/oufs-d-astro-2022-199x300.jpg\" alt=\"\" width=\"199\" height=\"300\" \/>Une immersion dans \u00ab L&rsquo;univers des extr\u00eames \u00bb<\/h3>\n<p>Sous ce th\u00e8me \u00e9vocateur, le plan\u00e9tarium s&rsquo;est m\u00e9tamorphos\u00e9 en un bastion de r\u00e9flexion et de science, s&rsquo;\u00e9levant face aux absurdit\u00e9s propag\u00e9es par un groupe fictif, les \u00ab aplatistes \u00bb. Ce clin d&rsquo;\u0153il satirique \u00e0 des th\u00e8ses pseudo-scientifiques a permis de mettre en lumi\u00e8re, avec humour et p\u00e9dagogie, les merveilles de la cosmologie et les faits \u00e9tablis par la recherche scientifique.<\/p>\n<p>Pour l&rsquo;occasion, deux chercheurs du LPSC, surnomm\u00e9s les <em>supp\u00f4ts de l&rsquo;Univers en expansion<\/em>, ont transport\u00e9 leur expertise et leur enthousiasme jusqu&rsquo;au plan\u00e9tarium. \u00c0 travers des interventions passionnantes et interactives, ils ont permis au public de mieux comprendre les myst\u00e8res de l&rsquo;univers, des trous noirs aux particules fondamentales, tout en soulignant les d\u00e9fis que posent les environnements extr\u00eames.<\/p>\n<h3>Une collaboration fructueuse pour la vulgarisation scientifique<\/h3>\n<p>Le LPSC et le plan\u00e9tarium de Vaulx-en-Velin partagent un objectif commun : rendre accessible \u00e0 tous les concepts complexes de l&rsquo;astrophysique et de la cosmologie. Cette sixi\u00e8me \u00e9dition du festival Oufs d&rsquo;Astro a une fois de plus d\u00e9montr\u00e9 la force de cette collaboration. En s&rsquo;associant autour d&rsquo;\u00e9v\u00e9nements originaux et immersifs, ces deux institutions \u0153uvrent \u00e0 rapprocher la science du grand public, tout en \u00e9veillant la curiosit\u00e9 des jeunes g\u00e9n\u00e9rations.<\/p>\n<h3>Science, imagination et humour<\/h3>\n<p>Avec un m\u00e9lange d&rsquo;humour, de rigueur scientifique et de cr\u00e9ativit\u00e9, le festival a rappel\u00e9 que la science n&rsquo;est pas seulement un domaine de recherche, mais aussi une aventure collective et une source d&rsquo;inspiration.<\/p>\n<p>En participant \u00e0 des initiatives comme le festival Oufs d&rsquo;Astro, le LPSC confirme son r\u00f4le de passeur de savoirs et son engagement pour faire de la science une aventure captivante et accessible \u00e0 tous. Une belle r\u00e9ussite qui souligne combien il est essentiel de continuer \u00e0 d\u00e9fendre la r\u00e9flexion et la curiosit\u00e9 face \u00e0 toutes les formes de dogmes.<\/p>\n\n","protected":false},"excerpt":{"rendered":"<p>\u00a9 CNRS Le LPSC au festival Oufs d&rsquo;Astro : Quand la science d\u00e9fie les \u00ab\u00a0aplatistes\u00a0\u00bb 15 novembre 2024 Partenaire de longue date du plan\u00e9tarium de Vaulx-en-Velin, le Laboratoire de Physique Subatomique et de Cosmologie (LPSC) a une nouvelle fois marqu\u00e9 les esprits lors de la sixi\u00e8me \u00e9dition du festival Oufs d&rsquo;Astro, en avril 2019. Cette&hellip;<\/p>\n","protected":false},"author":2,"featured_media":1850,"parent":0,"menu_order":0,"comment_status":"closed","ping_status":"closed","template":"","meta":{"footnotes":""},"class_list":["post-1849","page","type-page","status-publish","has-post-thumbnail","hentry"],"_links":{"self":[{"href":"https:\/\/lpsc-wordpress.in2p3.fr\/index.php?rest_route=\/wp\/v2\/pages\/1849","targetHints":{"allow":["GET"]}}],"collection":[{"href":"https:\/\/lpsc-wordpress.in2p3.fr\/index.php?rest_route=\/wp\/v2\/pages"}],"about":[{"href":"https:\/\/lpsc-wordpress.in2p3.fr\/index.php?rest_route=\/wp\/v2\/types\/page"}],"author":[{"embeddable":true,"href":"https:\/\/lpsc-wordpress.in2p3.fr\/index.php?rest_route=\/wp\/v2\/users\/2"}],"replies":[{"embeddable":true,"href":"https:\/\/lpsc-wordpress.in2p3.fr\/index.php?rest_route=%2Fwp%2Fv2%2Fcomments&post=1849"}],"version-history":[{"count":3,"href":"https:\/\/lpsc-wordpress.in2p3.fr\/index.php?rest_route=\/wp\/v2\/pages\/1849\/revisions"}],"predecessor-version":[{"id":2554,"href":"https:\/\/lpsc-wordpress.in2p3.fr\/index.php?rest_route=\/wp\/v2\/pages\/1849\/revisions\/2554"}],"wp:featuredmedia":[{"embeddable":true,"href":"https:\/\/lpsc-wordpress.in2p3.fr\/index.php?rest_route=\/wp\/v2\/media\/1850"}],"wp:attachment":[{"href":"https:\/\/lpsc-wordpress.in2p3.fr\/index.php?rest_route=%2Fwp%2Fv2%2Fmedia&parent=1849"}],"curies":[{"name":"wp","href":"https:\/\/api.w.org\/{rel}","templated":true}]}}